{"id":630,"date":"2025-10-07T17:06:06","date_gmt":"2025-10-07T15:06:06","guid":{"rendered":"https:\/\/somossosteniblescoop.com\/edicion2\/?post_type=project&#038;p=630"},"modified":"2025-10-07T17:06:09","modified_gmt":"2025-10-07T15:06:09","slug":"san-sebastian-de-belvis-s-coop","status":"publish","type":"project","link":"https:\/\/somossosteniblescoop.com\/edicion2\/project\/san-sebastian-de-belvis-s-coop\/","title":{"rendered":"San Sebasti\u00e1n de Belv\u00eds S.Coop"},"content":{"rendered":"<p>[et_pb_section fb_built=\u00bb1&#8243; admin_label=\u00bbHeader\u00bb _builder_version=\u00bb4.27.4&#8243; background_color=\u00bbrgba(0,0,0,0.04)\u00bb background_image=\u00bbhttps:\/\/somossosteniblescoop.com\/edicion2\/wp-content\/uploads\/2025\/09\/fONDO1.png\u00bb background_size=\u00bbcontain\u00bb background_position=\u00bbbottom_left\u00bb custom_padding=\u00bb2.7%|0px|10.1%|0px||\u00bb animation_style=\u00bbzoom\u00bb animation_direction=\u00bbbottom\u00bb animation_intensity_zoom=\u00bb8%\u00bb animation_starting_opacity=\u00bb100%\u00bb global_colors_info=\u00bb{}\u00bb theme_builder_area=\u00bbpost_content\u00bb][et_pb_row use_custom_gutter=\u00bbon\u00bb gutter_width=\u00bb2&#8243; admin_label=\u00bbFeatures Row\u00bb _builder_version=\u00bb4.16&#8243; custom_padding=\u00bb0.75%||0.75%|\u00bb global_colors_info=\u00bb{}\u00bb theme_builder_area=\u00bbpost_content\u00bb][et_pb_column type=\u00bb4_4&#8243; _builder_version=\u00bb4.16&#8243; background_color_gradient_direction=\u00bb243deg\u00bb background_color_gradient_start=\u00bb#3D72E7&#8243; background_color_gradient_end=\u00bb#53a0fe\u00bb custom_padding=\u00bb|||\u00bb global_colors_info=\u00bb{}\u00bb custom_padding__hover=\u00bb|||\u00bb theme_builder_area=\u00bbpost_content\u00bb][et_pb_text _builder_version=\u00bb4.27.4&#8243; text_font=\u00bb||||||||\u00bb text_text_color=\u00bb#3a3a3a\u00bb text_font_size=\u00bb16px\u00bb text_line_height=\u00bb1.8em\u00bb header_font=\u00bb|700|||||||\u00bb header_text_color=\u00bb#2d2d2d\u00bb header_font_size=\u00bb45px\u00bb header_line_height=\u00bb1.2em\u00bb header_2_font=\u00bb||||||||\u00bb text_orientation=\u00bbcenter\u00bb background_layout=\u00bbdark\u00bb max_width=\u00bb700px\u00bb max_width_tablet=\u00bb700px\u00bb max_width_phone=\u00bb75%\u00bb max_width_last_edited=\u00bbon|phone\u00bb module_alignment=\u00bbcenter\u00bb hover_enabled=\u00bb0&#8243; header_font_size_tablet=\u00bb45px\u00bb header_font_size_phone=\u00bb26px\u00bb header_font_size_last_edited=\u00bbon|phone\u00bb global_colors_info=\u00bb{}\u00bb theme_builder_area=\u00bbpost_content\u00bb sticky_enabled=\u00bb0&#8243;]<\/p>\n<h1 class=\"title-heading-center fusion-responsive-typography-calculated\" data-fontsize=\"60\" data-lineheight=\"79.8px\">San Sebasti\u00e1n de Belv\u00eds S.Coop<\/h1>\n<p>[\/et_pb_text][\/et_pb_column][\/et_pb_row][et_pb_row column_structure=\u00bb1_3,2_3&#8243; use_custom_gutter=\u00bbon\u00bb admin_label=\u00bbFeatures Row\u00bb _builder_version=\u00bb4.27.4&#8243; max_width=\u00bb800px\u00bb custom_padding=\u00bb40px|40px|40px|40px|true|true\u00bb border_radii=\u00bbon|15px|15px|15px|15px\u00bb box_shadow_style=\u00bbpreset1&#8243; box_shadow_blur=\u00bb68px\u00bb box_shadow_spread=\u00bb5px\u00bb box_shadow_color=\u00bbrgba(0,0,0,0.13)\u00bb global_colors_info=\u00bb{}\u00bb theme_builder_area=\u00bbpost_content\u00bb][et_pb_column type=\u00bb1_3&#8243; _builder_version=\u00bb4.27.4&#8243; background_color_gradient_direction=\u00bb243deg\u00bb background_color_gradient_start=\u00bb#3D72E7&#8243; background_color_gradient_end=\u00bb#53a0fe\u00bb custom_padding=\u00bb|||\u00bb global_colors_info=\u00bb{}\u00bb custom_padding__hover=\u00bb|||\u00bb theme_builder_area=\u00bbpost_content\u00bb][et_pb_image src=\u00bbhttps:\/\/somossosteniblescoop.com\/edicion2\/wp-content\/uploads\/2025\/10\/San-Sebastian-de-Belvis.jpg\u00bb title_text=\u00bbSan-Sebastian-de-Belvis\u00bb _builder_version=\u00bb4.27.4&#8243; _module_preset=\u00bbdefault\u00bb hover_enabled=\u00bb0&#8243; global_colors_info=\u00bb{}\u00bb theme_builder_area=\u00bbpost_content\u00bb sticky_enabled=\u00bb0&#8243;][\/et_pb_image][et_pb_text _builder_version=\u00bb4.27.4&#8243; text_font=\u00bb||||||||\u00bb text_text_color=\u00bb#3a3a3a\u00bb text_line_height=\u00bb1.5em\u00bb header_font=\u00bb|700|||||||\u00bb header_text_color=\u00bb#2d2d2d\u00bb header_line_height=\u00bb1.3em\u00bb header_2_font=\u00bb|700||on|||||\u00bb header_2_text_color=\u00bb#2D2D2D\u00bb header_2_font_size=\u00bb17px\u00bb background_layout=\u00bbdark\u00bb max_width=\u00bb700px\u00bb module_alignment=\u00bbcenter\u00bb hover_enabled=\u00bb0&#8243; global_colors_info=\u00bb{}\u00bb theme_builder_area=\u00bbpost_content\u00bb sticky_enabled=\u00bb0&#8243;]<\/p>\n<h2 class=\"titulo\"><strong>CON\u00d3CENOS<\/strong><\/h2>\n<div class=\"wpb_column vc_column_container vc_col-sm-6\">\n<div class=\"vc_column-inner \">\n<div class=\"wpb_wrapper\">\n<div class=\"wpb_text_column wpb_content_element \">\n<div class=\"wpb_wrapper\">\n<div class=\"wpb_text_column wpb_content_element \">\n<div class=\"wpb_wrapper\">\n<div class=\"elementor-element elementor-element-9783850 elementor-widget elementor-widget-heading\" data-id=\"9783850\" data-element_type=\"widget\" data-widget_type=\"heading.default\">\n<div class=\"elementor-widget-container\">\n<p class=\"elementor-heading-title elementor-size-default\">Somos m\u00e1s que una almazara, somos una comunidad comprometida con la autenticidad y el sabor. San Sebasti\u00e1n de Belv\u00eds, Soc. Coop. de Castilla la Mancha naci\u00f3 de la uni\u00f3n de dos entidades aceiteras con un objetivo claro: ofrecer el mejor Aceite de Oliva Virgen Extra, <strong>respetando las tradiciones y garantizando una calidad excepcional.<\/strong><\/p>\n<\/div>\n<\/div>\n<\/div>\n<\/div>\n<\/div>\n<\/div>\n<\/div>\n<\/div>\n<\/div>\n<p>[\/et_pb_text][\/et_pb_column][et_pb_column type=\u00bb2_3&#8243; _builder_version=\u00bb4.27.4&#8243; background_color_gradient_direction=\u00bb243deg\u00bb background_color_gradient_start=\u00bb#3D72E7&#8243; background_color_gradient_end=\u00bb#53a0fe\u00bb custom_padding=\u00bb|||15px|false|false\u00bb border_width_left=\u00bb1px\u00bb global_colors_info=\u00bb{}\u00bb custom_padding__hover=\u00bb|||\u00bb theme_builder_area=\u00bbpost_content\u00bb][et_pb_text _builder_version=\u00bb4.27.4&#8243; text_font=\u00bb||||||||\u00bb text_text_color=\u00bb#3a3a3a\u00bb text_font_size=\u00bb16px\u00bb text_line_height=\u00bb1.8em\u00bb header_font=\u00bb|700|||||||\u00bb header_text_color=\u00bb#2d2d2d\u00bb header_line_height=\u00bb1.3em\u00bb header_2_font=\u00bb|700||on|||||\u00bb header_2_text_color=\u00bb#2D2D2D\u00bb header_2_font_size=\u00bb17px\u00bb background_layout=\u00bbdark\u00bb max_width=\u00bb700px\u00bb module_alignment=\u00bbcenter\u00bb global_colors_info=\u00bb{}\u00bb theme_builder_area=\u00bbpost_content\u00bb]<\/p>\n<h2>Actuaciones<\/h2>\n<p><em><strong>PLAN DE IGUALDAD<\/strong><\/em><\/p>\n<p>Esta cooperativa ha participado en el <strong>Plan de Igualdad<\/strong>, un programa dise\u00f1ado para garantizar la igualdad de trato y oportunidades entre mujeres y hombres. A trav\u00e9s del diagn\u00f3stico inicial, la definici\u00f3n de objetivos y la implantaci\u00f3n de medidas espec\u00edficas, se ha trabajado para eliminar desigualdades, fomentar la participaci\u00f3n de la mujer en la toma de decisiones y favorecer la conciliaci\u00f3n laboral, personal y familiar.<\/p>\n<p>[\/et_pb_text][\/et_pb_column][\/et_pb_row][\/et_pb_section]<\/p>\n","protected":false},"excerpt":{"rendered":"<p>San Sebasti\u00e1n de Belv\u00eds S.CoopCON\u00d3CENOS Somos m\u00e1s que una almazara, somos una comunidad comprometida con la autenticidad y el sabor. San Sebasti\u00e1n de Belv\u00eds, Soc. Coop. de Castilla la Mancha naci\u00f3 de la uni\u00f3n de dos entidades aceiteras con un objetivo claro: ofrecer el mejor Aceite de Oliva Virgen Extra, respetando las tradiciones y garantizando [&hellip;]<\/p>\n","protected":false},"author":2,"featured_media":633,"template":"","meta":{"_et_pb_use_builder":"on","_et_pb_old_content":"","_et_gb_content_width":"","footnotes":""},"project_category":[8],"project_tag":[],"class_list":["post-630","project","type-project","status-publish","has-post-thumbnail","hentry","project_category-plan-de-igualdad"],"_links":{"self":[{"href":"https:\/\/somossosteniblescoop.com\/edicion2\/wp-json\/wp\/v2\/project\/630","targetHints":{"allow":["GET"]}}],"collection":[{"href":"https:\/\/somossosteniblescoop.com\/edicion2\/wp-json\/wp\/v2\/project"}],"about":[{"href":"https:\/\/somossosteniblescoop.com\/edicion2\/wp-json\/wp\/v2\/types\/project"}],"author":[{"embeddable":true,"href":"https:\/\/somossosteniblescoop.com\/edicion2\/wp-json\/wp\/v2\/users\/2"}],"version-history":[{"count":2,"href":"https:\/\/somossosteniblescoop.com\/edicion2\/wp-json\/wp\/v2\/project\/630\/revisions"}],"predecessor-version":[{"id":634,"href":"https:\/\/somossosteniblescoop.com\/edicion2\/wp-json\/wp\/v2\/project\/630\/revisions\/634"}],"wp:featuredmedia":[{"embeddable":true,"href":"https:\/\/somossosteniblescoop.com\/edicion2\/wp-json\/wp\/v2\/media\/633"}],"wp:attachment":[{"href":"https:\/\/somossosteniblescoop.com\/edicion2\/wp-json\/wp\/v2\/media?parent=630"}],"wp:term":[{"taxonomy":"project_category","embeddable":true,"href":"https:\/\/somossosteniblescoop.com\/edicion2\/wp-json\/wp\/v2\/project_category?post=630"},{"taxonomy":"project_tag","embeddable":true,"href":"https:\/\/somossosteniblescoop.com\/edicion2\/wp-json\/wp\/v2\/project_tag?post=630"}],"curies":[{"name":"wp","href":"https:\/\/api.w.org\/{rel}","templated":true}]}}